{"id":2162,"date":"2026-02-25T14:54:06","date_gmt":"2026-02-25T17:54:06","guid":{"rendered":"https:\/\/www.internationalfinanceconference.com\/ifc2026\/?page_id=2162"},"modified":"2026-02-25T18:35:15","modified_gmt":"2026-02-25T21:35:15","slug":"novedades","status":"publish","type":"page","link":"https:\/\/www.internationalfinanceconference.com\/ifc2026\/novedades\/","title":{"rendered":"NOVEDADES"},"content":{"rendered":"\t\t<div data-elementor-type=\"wp-page\" data-elementor-id=\"2162\" class=\"elementor elementor-2162\">\n\t\t\t\t\t\t\t\t\t<section class=\"elementor-section elementor-top-section elementor-element elementor-element-1a29532 elementor-section-boxed elementor-section-height-default elementor-section-height-default\" data-id=\"1a29532\" data-element_type=\"section\">\n\t\t\t\t\t\t<div class=\"elementor-container elementor-column-gap-default\">\n\t\t\t\t\t<div class=\"elementor-column elementor-col-100 elementor-top-column elementor-element elementor-element-3f53b12\" data-id=\"3f53b12\" data-element_type=\"column\">\n\t\t\t<div class=\"elementor-widget-wrap elementor-element-populated\">\n\t\t\t\t\t\t\t\t<div class=\"elementor-element elementor-element-07efb0d elementor-grid-2 elementor-posts--thumbnail-none elementor-grid-tablet-2 elementor-grid-mobile-1 elementor-card-shadow-yes elementor-posts__hover-gradient elementor-widget elementor-widget-posts\" data-id=\"07efb0d\" data-element_type=\"widget\" data-settings=\"{&quot;cards_columns&quot;:&quot;2&quot;,&quot;cards_columns_tablet&quot;:&quot;2&quot;,&quot;cards_columns_mobile&quot;:&quot;1&quot;,&quot;cards_row_gap&quot;:{&quot;unit&quot;:&quot;px&quot;,&quot;size&quot;:35,&quot;sizes&quot;:[]},&quot;cards_row_gap_tablet&quot;:{&quot;unit&quot;:&quot;px&quot;,&quot;size&quot;:&quot;&quot;,&quot;sizes&quot;:[]},&quot;cards_row_gap_mobile&quot;:{&quot;unit&quot;:&quot;px&quot;,&quot;size&quot;:&quot;&quot;,&quot;sizes&quot;:[]}}\" data-widget_type=\"posts.cards\">\n\t\t\t\t<div class=\"elementor-widget-container\">\n\t\t\t<link rel=\"stylesheet\" href=\"https:\/\/www.internationalfinanceconference.com\/ifc2026\/wp-content\/plugins\/elementor-pro\/assets\/css\/widget-posts.min.css\">\t\t<div class=\"elementor-posts-container elementor-posts elementor-posts--skin-cards elementor-grid\">\n\t\t\t\t<article class=\"elementor-post elementor-grid-item post-2272 post type-post status-publish format-standard has-post-thumbnail hentry category-noticias\">\n\t\t\t<div class=\"elementor-post__card\">\n\t\t\t\t<div class=\"elementor-post__text\">\n\t\t\t\t<h3 class=\"elementor-post__title\">\n\t\t\t<a href=\"https:\/\/www.internationalfinanceconference.com\/ifc2026\/2026\/03\/25\/la-banca-y-su-rol-en-la-economia-sostenible-ifc-2026\/\" >\n\t\t\t\tLa banca y su rol en la econom\u00eda sostenible ser\u00e1n tema de una nueva actividad acad\u00e9mica camino a la IFC 2026\t\t\t<\/a>\n\t\t<\/h3>\n\t\t\t\t<div class=\"elementor-post__excerpt\">\n\t\t\t<p>En el marco de las actividades acad\u00e9micas previas a la XXVI International Finance Conference (IFC 2026), se realizar\u00e1 una sesi\u00f3n virtual el 22 de abril de 2026 a las 17:00 (UTC-5), que contar\u00e1 con la participaci\u00f3n del economista colombiano Daniel Lacouture, Director de Sostenibilidad de Asobancaria. La conferencia se titula<\/p>\n\t\t<\/div>\n\t\t\t\t\t<a class=\"elementor-post__read-more\" href=\"https:\/\/www.internationalfinanceconference.com\/ifc2026\/2026\/03\/25\/la-banca-y-su-rol-en-la-economia-sostenible-ifc-2026\/\" >\n\t\t\t\tLEER NOTA COMPLETA \u00bb\t\t\t<\/a>\n\t\t\t\t<\/div>\n\t\t\t\t<div class=\"elementor-post__meta-data\">\n\t\t\t\t\t<span class=\"elementor-post-date\">\n\t\t\tmarzo 25, 2026\t\t<\/span>\n\t\t\t\t<\/div>\n\t\t\t\t\t<\/div>\n\t\t<\/article>\n\t\t\t\t<article class=\"elementor-post elementor-grid-item post-1613 post type-post status-publish format-standard has-post-thumbnail hentry category-noticias\">\n\t\t\t<div class=\"elementor-post__card\">\n\t\t\t\t<div class=\"elementor-post__text\">\n\t\t\t\t<h3 class=\"elementor-post__title\">\n\t\t\t<a href=\"https:\/\/www.internationalfinanceconference.com\/ifc2026\/2026\/02\/22\/conferencia-de-lanzamiento-xxvi-ifc\/\" >\n\t\t\t\tLa International Finance Conference 2026 se lanza oficialmente con una sesi\u00f3n virtual junto a Hern\u00e1n Alzate Arias\t\t\t<\/a>\n\t\t<\/h3>\n\t\t\t\t<div class=\"elementor-post__excerpt\">\n\t\t\t<p>La XXVI International Finance Conference (IFC 2026) inicia su camino hacia Manizales, Colombia, con un evento virtual de lanzamiento que marcar\u00e1 el comienzo oficial de esta nueva edici\u00f3n. La sesi\u00f3n se llevar\u00e1 a cabo el 25 de marzo de 2026 a las 17:00 hora colombiana\u00a0 (UTC-5) y contar\u00e1 la destacada<\/p>\n\t\t<\/div>\n\t\t\t\t\t<a class=\"elementor-post__read-more\" href=\"https:\/\/www.internationalfinanceconference.com\/ifc2026\/2026\/02\/22\/conferencia-de-lanzamiento-xxvi-ifc\/\" >\n\t\t\t\tLEER NOTA COMPLETA \u00bb\t\t\t<\/a>\n\t\t\t\t<\/div>\n\t\t\t\t<div class=\"elementor-post__meta-data\">\n\t\t\t\t\t<span class=\"elementor-post-date\">\n\t\t\tfebrero 22, 2026\t\t<\/span>\n\t\t\t\t<\/div>\n\t\t\t\t\t<\/div>\n\t\t<\/article>\n\t\t\t\t<article class=\"elementor-post elementor-grid-item post-2177 post type-post status-publish format-standard has-post-thumbnail hentry category-noticias\">\n\t\t\t<div class=\"elementor-post__card\">\n\t\t\t\t<div class=\"elementor-post__text\">\n\t\t\t\t<h3 class=\"elementor-post__title\">\n\t\t\t<a href=\"https:\/\/www.internationalfinanceconference.com\/ifc2026\/2026\/02\/21\/manizales-sede-ifc-2026\/\" >\n\t\t\t\tManizales: sede de la International Finance Conference 2026\t\t\t<\/a>\n\t\t<\/h3>\n\t\t\t\t<div class=\"elementor-post__excerpt\">\n\t\t\t<p>La\u00a0Universidad de Manizales (Colombia)\u00a0ser\u00e1 la sede oficial de la\u00a0International Finance Conference 2026, y en este video se presenta su propuesta institucional, su compromiso acad\u00e9mico y su papel como anfitriona de la pr\u00f3xima edici\u00f3n del congreso. La IFC contin\u00faa su recorrido por Latinoam\u00e9rica fortaleciendo la investigaci\u00f3n, la cooperaci\u00f3n internacional y la<\/p>\n\t\t<\/div>\n\t\t\t\t\t<a class=\"elementor-post__read-more\" href=\"https:\/\/www.internationalfinanceconference.com\/ifc2026\/2026\/02\/21\/manizales-sede-ifc-2026\/\" >\n\t\t\t\tLEER NOTA COMPLETA \u00bb\t\t\t<\/a>\n\t\t\t\t<\/div>\n\t\t\t\t<div class=\"elementor-post__meta-data\">\n\t\t\t\t\t<span class=\"elementor-post-date\">\n\t\t\tfebrero 21, 2026\t\t<\/span>\n\t\t\t\t<\/div>\n\t\t\t\t\t<\/div>\n\t\t<\/article>\n\t\t\t\t<\/div>\n\n\n\t\t\n\t\t\t\t<\/div>\n\t\t\t\t<\/div>\n\t\t\t\t\t<\/div>\n\t\t<\/div>\n\t\t\t\t\t\t\t<\/div>\n\t\t<\/section>\n\t\t\t\t\t\t\t<\/div>\n\t\t","protected":false},"excerpt":{"rendered":"","protected":false},"author":11,"featured_media":0,"parent":0,"menu_order":0,"comment_status":"closed","ping_status":"closed","template":"elementor_header_footer","meta":[],"_links":{"self":[{"href":"https:\/\/www.internationalfinanceconference.com\/ifc2026\/wp-json\/wp\/v2\/pages\/2162"}],"collection":[{"href":"https:\/\/www.internationalfinanceconference.com\/ifc2026\/wp-json\/wp\/v2\/pages"}],"about":[{"href":"https:\/\/www.internationalfinanceconference.com\/ifc2026\/wp-json\/wp\/v2\/types\/page"}],"author":[{"embeddable":true,"href":"https:\/\/www.internationalfinanceconference.com\/ifc2026\/wp-json\/wp\/v2\/users\/11"}],"replies":[{"embeddable":true,"href":"https:\/\/www.internationalfinanceconference.com\/ifc2026\/wp-json\/wp\/v2\/comments?post=2162"}],"version-history":[{"count":19,"href":"https:\/\/www.internationalfinanceconference.com\/ifc2026\/wp-json\/wp\/v2\/pages\/2162\/revisions"}],"predecessor-version":[{"id":2191,"href":"https:\/\/www.internationalfinanceconference.com\/ifc2026\/wp-json\/wp\/v2\/pages\/2162\/revisions\/2191"}],"wp:attachment":[{"href":"https:\/\/www.internationalfinanceconference.com\/ifc2026\/wp-json\/wp\/v2\/media?parent=2162"}],"curies":[{"name":"wp","href":"https:\/\/api.w.org\/{rel}","templated":true}]}}