{"id":1216,"date":"2024-07-31T18:04:16","date_gmt":"2024-07-31T21:04:16","guid":{"rendered":"http:\/\/www.internationalfinanceconference.org\/ifc2024\/?page_id=1216"},"modified":"2024-10-01T15:12:00","modified_gmt":"2024-10-01T18:12:00","slug":"speakers","status":"publish","type":"page","link":"https:\/\/www.internationalfinanceconference.com\/ifc2024\/speakers\/","title":{"rendered":"Speakers"},"content":{"rendered":"\t\t<div data-elementor-type=\"wp-page\" data-elementor-id=\"1216\" class=\"elementor elementor-1216\">\n\t\t\t\t\t\t\t\t\t<section class=\"elementor-section elementor-top-section elementor-element elementor-element-bb3ae0e elementor-section-height-min-height elementor-section-boxed elementor-section-height-default elementor-section-items-middle\" data-id=\"bb3ae0e\" data-element_type=\"section\" data-settings=\"{&quot;background_background&quot;:&quot;classic&quot;}\">\n\t\t\t\t\t\t\t<div class=\"elementor-background-overlay\"><\/div>\n\t\t\t\t\t\t\t<div class=\"elementor-container elementor-column-gap-default\">\n\t\t\t\t\t<div class=\"elementor-column elementor-col-100 elementor-top-column elementor-element elementor-element-830bc32\" data-id=\"830bc32\" data-element_type=\"column\">\n\t\t\t<div class=\"elementor-widget-wrap elementor-element-populated\">\n\t\t\t\t\t\t\t\t<section class=\"elementor-section elementor-inner-section elementor-element elementor-element-97d1f55 elementor-section-boxed elementor-section-height-default elementor-section-height-default\" data-id=\"97d1f55\" data-element_type=\"section\">\n\t\t\t\t\t\t<div class=\"elementor-container elementor-column-gap-default\">\n\t\t\t\t\t<div class=\"elementor-column elementor-col-33 elementor-inner-column elementor-element elementor-element-c04d7da\" data-id=\"c04d7da\" data-element_type=\"column\">\n\t\t\t<div class=\"elementor-widget-wrap elementor-element-populated\">\n\t\t\t\t\t\t\t\t<div class=\"elementor-element elementor-element-810d05a elementor-widget-divider--view-line elementor-widget elementor-widget-divider\" data-id=\"810d05a\" data-element_type=\"widget\" data-widget_type=\"divider.default\">\n\t\t\t\t<div class=\"elementor-widget-container\">\n\t\t\t<style>\/*! elementor - v3.6.3 - 12-04-2022 *\/\n.elementor-widget-divider{--divider-border-style:none;--divider-border-width:1px;--divider-color:#2c2c2c;--divider-icon-size:20px;--divider-element-spacing:10px;--divider-pattern-height:24px;--divider-pattern-size:20px;--divider-pattern-url:none;--divider-pattern-repeat:repeat-x}.elementor-widget-divider .elementor-divider{display:-webkit-box;display:-ms-flexbox;display:flex}.elementor-widget-divider .elementor-divider__text{font-size:15px;line-height:1;max-width:95%}.elementor-widget-divider .elementor-divider__element{margin:0 var(--divider-element-spacing);-ms-flex-negative:0;flex-shrink:0}.elementor-widget-divider .elementor-icon{font-size:var(--divider-icon-size)}.elementor-widget-divider .elementor-divider-separator{display:-webkit-box;display:-ms-flexbox;display:flex;margin:0;direction:ltr}.elementor-widget-divider--view-line_icon .elementor-divider-separator,.elementor-widget-divider--view-line_text .elementor-divider-separator{-webkit-box-align:center;-ms-flex-align:center;align-items:center}.elementor-widget-divider--view-line_icon .elementor-divider-separator:after,.elementor-widget-divider--view-line_icon .elementor-divider-separator:before,.elementor-widget-divider--view-line_text .elementor-divider-separator:after,.elementor-widget-divider--view-line_text .elementor-divider-separator:before{display:block;content:\"\";border-bottom:0;-webkit-box-flex:1;-ms-flex-positive:1;flex-grow:1;border-top:var(--divider-border-width) var(--divider-border-style) var(--divider-color)}.elementor-widget-divider--element-align-left .elementor-divider .elementor-divider-separator>.elementor-divider__svg:first-of-type{-webkit-box-flex:0;-ms-flex-positive:0;flex-grow:0;-ms-flex-negative:100;flex-shrink:100}.elementor-widget-divider--element-align-left .elementor-divider-separator:before{content:none}.elementor-widget-divider--element-align-left .elementor-divider__element{margin-left:0}.elementor-widget-divider--element-align-right .elementor-divider .elementor-divider-separator>.elementor-divider__svg:last-of-type{-webkit-box-flex:0;-ms-flex-positive:0;flex-grow:0;-ms-flex-negative:100;flex-shrink:100}.elementor-widget-divider--element-align-right .elementor-divider-separator:after{content:none}.elementor-widget-divider--element-align-right .elementor-divider__element{margin-right:0}.elementor-widget-divider:not(.elementor-widget-divider--view-line_text):not(.elementor-widget-divider--view-line_icon) .elementor-divider-separator{border-top:var(--divider-border-width) var(--divider-border-style) var(--divider-color)}.elementor-widget-divider--separator-type-pattern{--divider-border-style:none}.elementor-widget-divider--separator-type-pattern.elementor-widget-divider--view-line .elementor-divider-separator,.elementor-widget-divider--separator-type-pattern:not(.elementor-widget-divider--view-line) .elementor-divider-separator:after,.elementor-widget-divider--separator-type-pattern:not(.elementor-widget-divider--view-line) .elementor-divider-separator:before,.elementor-widget-divider--separator-type-pattern:not([class*=elementor-widget-divider--view]) .elementor-divider-separator{width:100%;min-height:var(--divider-pattern-height);-webkit-mask-size:var(--divider-pattern-size) 100%;mask-size:var(--divider-pattern-size) 100%;-webkit-mask-repeat:var(--divider-pattern-repeat);mask-repeat:var(--divider-pattern-repeat);background-color:var(--divider-color);-webkit-mask-image:var(--divider-pattern-url);mask-image:var(--divider-pattern-url)}.elementor-widget-divider--no-spacing{--divider-pattern-size:auto}.elementor-widget-divider--bg-round{--divider-pattern-repeat:round}.rtl .elementor-widget-divider .elementor-divider__text{direction:rtl}<\/style>\t\t<div class=\"elementor-divider\">\n\t\t\t<span class=\"elementor-divider-separator\">\n\t\t\t\t\t\t<\/span>\n\t\t<\/div>\n\t\t\t\t<\/div>\n\t\t\t\t<\/div>\n\t\t\t\t\t<\/div>\n\t\t<\/div>\n\t\t\t\t<div class=\"elementor-column elementor-col-33 elementor-inner-column elementor-element elementor-element-4f17be1\" data-id=\"4f17be1\" data-element_type=\"column\">\n\t\t\t<div class=\"elementor-widget-wrap elementor-element-populated\">\n\t\t\t\t\t\t\t\t<div class=\"elementor-element elementor-element-8205409 elementor-widget elementor-widget-heading\" data-id=\"8205409\" data-element_type=\"widget\" data-widget_type=\"heading.default\">\n\t\t\t\t<div class=\"elementor-widget-container\">\n\t\t\t<style>\/*! elementor - v3.6.3 - 12-04-2022 *\/\n.elementor-heading-title{padding:0;margin:0;line-height:1}.elementor-widget-heading .elementor-heading-title[class*=elementor-size-]>a{color:inherit;font-size:inherit;line-height:inherit}.elementor-widget-heading .elementor-heading-title.elementor-size-small{font-size:15px}.elementor-widget-heading .elementor-heading-title.elementor-size-medium{font-size:19px}.elementor-widget-heading .elementor-heading-title.elementor-size-large{font-size:29px}.elementor-widget-heading .elementor-heading-title.elementor-size-xl{font-size:39px}.elementor-widget-heading .elementor-heading-title.elementor-size-xxl{font-size:59px}<\/style><h2 class=\"elementor-heading-title elementor-size-default\">Speakers<\/h2>\t\t<\/div>\n\t\t\t\t<\/div>\n\t\t\t\t\t<\/div>\n\t\t<\/div>\n\t\t\t\t<div class=\"elementor-column elementor-col-33 elementor-inner-column elementor-element elementor-element-2e6341c\" data-id=\"2e6341c\" data-element_type=\"column\">\n\t\t\t<div class=\"elementor-widget-wrap elementor-element-populated\">\n\t\t\t\t\t\t\t\t<div class=\"elementor-element elementor-element-2091a31 elementor-widget-divider--view-line elementor-widget elementor-widget-divider\" data-id=\"2091a31\" data-element_type=\"widget\" data-widget_type=\"divider.default\">\n\t\t\t\t<div class=\"elementor-widget-container\">\n\t\t\t\t\t<div class=\"elementor-divider\">\n\t\t\t<span class=\"elementor-divider-separator\">\n\t\t\t\t\t\t<\/span>\n\t\t<\/div>\n\t\t\t\t<\/div>\n\t\t\t\t<\/div>\n\t\t\t\t\t<\/div>\n\t\t<\/div>\n\t\t\t\t\t\t\t<\/div>\n\t\t<\/section>\n\t\t\t\t<div class=\"elementor-element elementor-element-e902d7c elementor-widget elementor-widget-spacer\" data-id=\"e902d7c\" data-element_type=\"widget\" data-widget_type=\"spacer.default\">\n\t\t\t\t<div class=\"elementor-widget-container\">\n\t\t\t<style>\/*! elementor - v3.6.3 - 12-04-2022 *\/\n.e-container.e-container--row .elementor-spacer-inner{width:var(--spacer-size)}.e-container.e-container--column .elementor-spacer-inner,.elementor-column .elementor-spacer-inner{height:var(--spacer-size)}<\/style>\t\t<div class=\"elementor-spacer\">\n\t\t\t<div class=\"elementor-spacer-inner\"><\/div>\n\t\t<\/div>\n\t\t\t\t<\/div>\n\t\t\t\t<\/div>\n\t\t\t\t\t<\/div>\n\t\t<\/div>\n\t\t\t\t\t\t\t<\/div>\n\t\t<\/section>\n\t\t\t\t<section class=\"elementor-section elementor-top-section elementor-element elementor-element-7cb2e90 elementor-section-boxed elementor-section-height-default elementor-section-height-default\" data-id=\"7cb2e90\" data-element_type=\"section\">\n\t\t\t\t\t\t<div class=\"elementor-container elementor-column-gap-default\">\n\t\t\t\t\t<div class=\"elementor-column elementor-col-100 elementor-top-column elementor-element elementor-element-19e0a4e\" data-id=\"19e0a4e\" data-element_type=\"column\">\n\t\t\t<div class=\"elementor-widget-wrap elementor-element-populated\">\n\t\t\t\t\t\t\t\t<div class=\"elementor-element elementor-element-38b36ea elementor-widget elementor-widget-heading\" data-id=\"38b36ea\" data-element_type=\"widget\" data-widget_type=\"heading.default\">\n\t\t\t\t<div class=\"elementor-widget-container\">\n\t\t\t<h2 class=\"elementor-heading-title elementor-size-default\">Main speakers<\/h2>\t\t<\/div>\n\t\t\t\t<\/div>\n\t\t\t\t<section class=\"elementor-section elementor-inner-section elementor-element elementor-element-e6fbae4 elementor-section-boxed elementor-section-height-default elementor-section-height-default\" data-id=\"e6fbae4\" data-element_type=\"section\">\n\t\t\t\t\t\t<div class=\"elementor-container elementor-column-gap-wide\">\n\t\t\t\t\t<div class=\"elementor-column elementor-col-50 elementor-inner-column elementor-element elementor-element-0bca61b\" data-id=\"0bca61b\" data-element_type=\"column\">\n\t\t\t<div class=\"elementor-widget-wrap elementor-element-populated\">\n\t\t\t\t\t\t\t\t<div class=\"elementor-element elementor-element-d3bdec7 elementor-widget elementor-widget-image\" data-id=\"d3bdec7\" data-element_type=\"widget\" data-widget_type=\"image.default\">\n\t\t\t\t<div class=\"elementor-widget-container\">\n\t\t\t<style>\/*! elementor - v3.6.3 - 12-04-2022 *\/\n.elementor-widget-image{text-align:center}.elementor-widget-image a{display:inline-block}.elementor-widget-image a img[src$=\".svg\"]{width:48px}.elementor-widget-image img{vertical-align:middle;display:inline-block}<\/style>\t\t\t\t\t\t\t\t\t\t\t\t<img width=\"200\" height=\"200\" src=\"https:\/\/www.internationalfinanceconference.com\/ifc2024\/wp-content\/uploads\/13\/2024\/07\/ifcspeaker1.jpg\" class=\"attachment-large size-large\" alt=\"\" srcset=\"https:\/\/www.internationalfinanceconference.com\/ifc2024\/wp-content\/uploads\/13\/2024\/07\/ifcspeaker1-100x100.jpg 100w, https:\/\/www.internationalfinanceconference.com\/ifc2024\/wp-content\/uploads\/13\/2024\/07\/ifcspeaker1-150x150.jpg 150w, https:\/\/www.internationalfinanceconference.com\/ifc2024\/wp-content\/uploads\/13\/2024\/07\/ifcspeaker1.jpg 200w\" sizes=\"100vw\" \/>\t\t\t\t\t\t\t\t\t\t\t\t\t\t\t<\/div>\n\t\t\t\t<\/div>\n\t\t\t\t\t<\/div>\n\t\t<\/div>\n\t\t\t\t<div class=\"elementor-column elementor-col-50 elementor-inner-column elementor-element elementor-element-8f49c39\" data-id=\"8f49c39\" data-element_type=\"column\">\n\t\t\t<div class=\"elementor-widget-wrap elementor-element-populated\">\n\t\t\t\t\t\t\t\t<div class=\"elementor-element elementor-element-b31a8f5 elementor-widget elementor-widget-heading\" data-id=\"b31a8f5\" data-element_type=\"widget\" data-widget_type=\"heading.default\">\n\t\t\t\t<div class=\"elementor-widget-container\">\n\t\t\t<h2 class=\"elementor-heading-title elementor-size-default\">Manuel Arias<\/h2>\t\t<\/div>\n\t\t\t\t<\/div>\n\t\t\t\t<div class=\"elementor-element elementor-element-77ca23c elementor-widget elementor-widget-heading\" data-id=\"77ca23c\" data-element_type=\"widget\" data-widget_type=\"heading.default\">\n\t\t\t\t<div class=\"elementor-widget-container\">\n\t\t\t<h2 class=\"elementor-heading-title elementor-size-default\">Colombia<\/h2>\t\t<\/div>\n\t\t\t\t<\/div>\n\t\t\t\t<div class=\"elementor-element elementor-element-f0b279b elementor-widget elementor-widget-heading\" data-id=\"f0b279b\" data-element_type=\"widget\" data-widget_type=\"heading.default\">\n\t\t\t\t<div class=\"elementor-widget-container\">\n\t\t\t<h2 class=\"elementor-heading-title elementor-size-default\">International Federation of Accountants \u2013 IFAC<\/h2>\t\t<\/div>\n\t\t\t\t<\/div>\n\t\t\t\t<div class=\"elementor-element elementor-element-81db7f7 elementor-widget elementor-widget-text-editor\" data-id=\"81db7f7\" data-element_type=\"widget\" data-widget_type=\"text-editor.default\">\n\t\t\t\t<div class=\"elementor-widget-container\">\n\t\t\t<style>\/*! elementor - v3.6.3 - 12-04-2022 *\/\n.elementor-widget-text-editor.elementor-drop-cap-view-stacked .elementor-drop-cap{background-color:#818a91;color:#fff}.elementor-widget-text-editor.elementor-drop-cap-view-framed .elementor-drop-cap{color:#818a91;border:3px solid;background-color:transparent}.elementor-widget-text-editor:not(.elementor-drop-cap-view-default) .elementor-drop-cap{margin-top:8px}.elementor-widget-text-editor:not(.elementor-drop-cap-view-default) .elementor-drop-cap-letter{width:1em;height:1em}.elementor-widget-text-editor .elementor-drop-cap{float:left;text-align:center;line-height:1;font-size:50px}.elementor-widget-text-editor .elementor-drop-cap-letter{display:inline-block}<\/style>\t\t\t\t<p>MBA por la Universidad de los Andes, Colombia. Licenciado en Econom\u00eda por la Universidad Nacional de Colombia. Director de la International Federation of Accountants (IFAC), en la que desempe\u00f1a un papel fundamental en la mejora de la participaci\u00f3n de los miembros, la formulaci\u00f3n de pol\u00edticas y la organizaci\u00f3n de la recopilaci\u00f3n de datos dentro del panorama regulatorio financiero.<\/p>\t\t\t\t\t\t<\/div>\n\t\t\t\t<\/div>\n\t\t\t\t\t<\/div>\n\t\t<\/div>\n\t\t\t\t\t\t\t<\/div>\n\t\t<\/section>\n\t\t\t\t\t<\/div>\n\t\t<\/div>\n\t\t\t\t\t\t\t<\/div>\n\t\t<\/section>\n\t\t\t\t<section class=\"elementor-section elementor-top-section elementor-element elementor-element-cadbccf elementor-section-boxed elementor-section-height-default elementor-section-height-default\" data-id=\"cadbccf\" data-element_type=\"section\">\n\t\t\t\t\t\t<div class=\"elementor-container elementor-column-gap-default\">\n\t\t\t\t\t<div class=\"elementor-column elementor-col-100 elementor-top-column elementor-element elementor-element-5136f98\" data-id=\"5136f98\" data-element_type=\"column\">\n\t\t\t<div class=\"elementor-widget-wrap elementor-element-populated\">\n\t\t\t\t\t\t\t\t<section class=\"elementor-section elementor-inner-section elementor-element elementor-element-0c8a292 elementor-section-boxed elementor-section-height-default elementor-section-height-default\" data-id=\"0c8a292\" data-element_type=\"section\">\n\t\t\t\t\t\t<div class=\"elementor-container elementor-column-gap-wide\">\n\t\t\t\t\t<div class=\"elementor-column elementor-col-50 elementor-inner-column elementor-element elementor-element-026562b\" data-id=\"026562b\" data-element_type=\"column\">\n\t\t\t<div class=\"elementor-widget-wrap elementor-element-populated\">\n\t\t\t\t\t\t\t\t<div class=\"elementor-element elementor-element-8c298f9 elementor-widget elementor-widget-image\" data-id=\"8c298f9\" data-element_type=\"widget\" data-widget_type=\"image.default\">\n\t\t\t\t<div class=\"elementor-widget-container\">\n\t\t\t\t\t\t\t\t\t\t\t\t\t\t\t<img width=\"200\" height=\"200\" src=\"https:\/\/www.internationalfinanceconference.com\/ifc2024\/wp-content\/uploads\/13\/2024\/07\/ifcspeaker2.jpg\" class=\"attachment-large size-large\" alt=\"\" srcset=\"https:\/\/www.internationalfinanceconference.com\/ifc2024\/wp-content\/uploads\/13\/2024\/07\/ifcspeaker2-100x100.jpg 100w, https:\/\/www.internationalfinanceconference.com\/ifc2024\/wp-content\/uploads\/13\/2024\/07\/ifcspeaker2-150x150.jpg 150w, https:\/\/www.internationalfinanceconference.com\/ifc2024\/wp-content\/uploads\/13\/2024\/07\/ifcspeaker2.jpg 200w\" sizes=\"100vw\" \/>\t\t\t\t\t\t\t\t\t\t\t\t\t\t\t<\/div>\n\t\t\t\t<\/div>\n\t\t\t\t\t<\/div>\n\t\t<\/div>\n\t\t\t\t<div class=\"elementor-column elementor-col-50 elementor-inner-column elementor-element elementor-element-5492766\" data-id=\"5492766\" data-element_type=\"column\">\n\t\t\t<div class=\"elementor-widget-wrap elementor-element-populated\">\n\t\t\t\t\t\t\t\t<div class=\"elementor-element elementor-element-84792cb elementor-widget elementor-widget-heading\" data-id=\"84792cb\" data-element_type=\"widget\" data-widget_type=\"heading.default\">\n\t\t\t\t<div class=\"elementor-widget-container\">\n\t\t\t<h2 class=\"elementor-heading-title elementor-size-default\">Borja Fern\u00e1ndez-Rosillo San Isidro<\/h2>\t\t<\/div>\n\t\t\t\t<\/div>\n\t\t\t\t<div class=\"elementor-element elementor-element-38746dd elementor-widget elementor-widget-heading\" data-id=\"38746dd\" data-element_type=\"widget\" data-widget_type=\"heading.default\">\n\t\t\t\t<div class=\"elementor-widget-container\">\n\t\t\t<h2 class=\"elementor-heading-title elementor-size-default\">Espa\u00f1a<\/h2>\t\t<\/div>\n\t\t\t\t<\/div>\n\t\t\t\t<div class=\"elementor-element elementor-element-c40b2af elementor-widget elementor-widget-heading\" data-id=\"c40b2af\" data-element_type=\"widget\" data-widget_type=\"heading.default\">\n\t\t\t\t<div class=\"elementor-widget-container\">\n\t\t\t<h2 class=\"elementor-heading-title elementor-size-default\">Miembro del Focus Group AECA- ESG<\/h2>\t\t<\/div>\n\t\t\t\t<\/div>\n\t\t\t\t<div class=\"elementor-element elementor-element-77193c3 elementor-widget elementor-widget-text-editor\" data-id=\"77193c3\" data-element_type=\"widget\" data-widget_type=\"text-editor.default\">\n\t\t\t\t<div class=\"elementor-widget-container\">\n\t\t\t\t\t\t\t<p>Especialista en sostenibilidad y reporting ESG con conocimiento del entorno regulatorio, tanto europeo como internacional. Aplica los principales est\u00e1ndares de sostenibilidad (ESRS EFRAG, ISSB, GRI), y cuenta con experiencia en la elaboraci\u00f3n y mantenimiento de bases de datos de indicadores ESG. Tiene una participaci\u00f3n\u00a0activa en grupos de trabajo sobre sostenibilidad en el Banco de Espa\u00f1a, contribuyendo a iniciativas nacionales y del Eurosistema. Miembro de la ponencia ESG-AECA y de la NGFS, adem\u00e1s de ser docente en el Diploma DASA.<\/p>\t\t\t\t\t\t<\/div>\n\t\t\t\t<\/div>\n\t\t\t\t\t<\/div>\n\t\t<\/div>\n\t\t\t\t\t\t\t<\/div>\n\t\t<\/section>\n\t\t\t\t\t<\/div>\n\t\t<\/div>\n\t\t\t\t\t\t\t<\/div>\n\t\t<\/section>\n\t\t\t\t<section class=\"elementor-section elementor-top-section elementor-element elementor-element-9c62a2c elementor-section-boxed elementor-section-height-default elementor-section-height-default\" data-id=\"9c62a2c\" data-element_type=\"section\">\n\t\t\t\t\t\t<div class=\"elementor-container elementor-column-gap-default\">\n\t\t\t\t\t<div class=\"elementor-column elementor-col-100 elementor-top-column elementor-element elementor-element-10d3ad3\" data-id=\"10d3ad3\" data-element_type=\"column\">\n\t\t\t<div class=\"elementor-widget-wrap elementor-element-populated\">\n\t\t\t\t\t\t\t\t<section class=\"elementor-section elementor-inner-section elementor-element elementor-element-5afeffa elementor-section-boxed elementor-section-height-default elementor-section-height-default\" data-id=\"5afeffa\" data-element_type=\"section\">\n\t\t\t\t\t\t<div class=\"elementor-container elementor-column-gap-wide\">\n\t\t\t\t\t<div class=\"elementor-column elementor-col-50 elementor-inner-column elementor-element elementor-element-bc8e35e\" data-id=\"bc8e35e\" data-element_type=\"column\">\n\t\t\t<div class=\"elementor-widget-wrap elementor-element-populated\">\n\t\t\t\t\t\t\t\t<div class=\"elementor-element elementor-element-ff24de3 elementor-widget elementor-widget-image\" data-id=\"ff24de3\" data-element_type=\"widget\" data-widget_type=\"image.default\">\n\t\t\t\t<div class=\"elementor-widget-container\">\n\t\t\t\t\t\t\t\t\t\t\t\t\t\t\t<img width=\"200\" height=\"200\" src=\"https:\/\/www.internationalfinanceconference.com\/ifc2024\/wp-content\/uploads\/13\/2024\/07\/ifcspeaker3.jpg\" class=\"attachment-large size-large\" alt=\"\" srcset=\"https:\/\/www.internationalfinanceconference.com\/ifc2024\/wp-content\/uploads\/13\/2024\/07\/ifcspeaker3-100x100.jpg 100w, https:\/\/www.internationalfinanceconference.com\/ifc2024\/wp-content\/uploads\/13\/2024\/07\/ifcspeaker3-150x150.jpg 150w, https:\/\/www.internationalfinanceconference.com\/ifc2024\/wp-content\/uploads\/13\/2024\/07\/ifcspeaker3.jpg 200w\" sizes=\"100vw\" \/>\t\t\t\t\t\t\t\t\t\t\t\t\t\t\t<\/div>\n\t\t\t\t<\/div>\n\t\t\t\t\t<\/div>\n\t\t<\/div>\n\t\t\t\t<div class=\"elementor-column elementor-col-50 elementor-inner-column elementor-element elementor-element-5af33c7\" data-id=\"5af33c7\" data-element_type=\"column\">\n\t\t\t<div class=\"elementor-widget-wrap elementor-element-populated\">\n\t\t\t\t\t\t\t\t<div class=\"elementor-element elementor-element-3232bfe elementor-widget elementor-widget-heading\" data-id=\"3232bfe\" data-element_type=\"widget\" data-widget_type=\"heading.default\">\n\t\t\t\t<div class=\"elementor-widget-container\">\n\t\t\t<h2 class=\"elementor-heading-title elementor-size-default\">Ajay Adhikari <\/h2>\t\t<\/div>\n\t\t\t\t<\/div>\n\t\t\t\t<div class=\"elementor-element elementor-element-de6a3ba elementor-widget elementor-widget-heading\" data-id=\"de6a3ba\" data-element_type=\"widget\" data-widget_type=\"heading.default\">\n\t\t\t\t<div class=\"elementor-widget-container\">\n\t\t\t<h2 class=\"elementor-heading-title elementor-size-default\">Estados Unidos<\/h2>\t\t<\/div>\n\t\t\t\t<\/div>\n\t\t\t\t<div class=\"elementor-element elementor-element-b94fc74 elementor-widget elementor-widget-heading\" data-id=\"b94fc74\" data-element_type=\"widget\" data-widget_type=\"heading.default\">\n\t\t\t\t<div class=\"elementor-widget-container\">\n\t\t\t<h2 class=\"elementor-heading-title elementor-size-default\">Kogod School of Business, American University<\/h2>\t\t<\/div>\n\t\t\t\t<\/div>\n\t\t\t\t<div class=\"elementor-element elementor-element-26da6e9 elementor-widget elementor-widget-text-editor\" data-id=\"26da6e9\" data-element_type=\"widget\" data-widget_type=\"text-editor.default\">\n\t\t\t\t<div class=\"elementor-widget-container\">\n\t\t\t\t\t\t\t<p>Profesor de Contabilidad en la Escuela de Negocios Kogod de la Universidad Americana en Washington DC, con intereses en informes internacionales y sostenibilidad. Ha sido Decano Asociado Senior de Investigaci\u00f3n y Facultad, y ha ocupado diferentes posiciones en la Asociaci\u00f3n Americana de Contabilidad y la Asociaci\u00f3n Internacional para la Educaci\u00f3n e Investigaci\u00f3n en Contabilidad. Tambi\u00e9n ha sido becario y profesor visitante en varias instituciones internacionales, y obtuvo su Ph.D. y MBA de la Virginia Commonwealth University y su Licenciatura en Artes del St. Stephens College, Delhi University.<\/p>\t\t\t\t\t\t<\/div>\n\t\t\t\t<\/div>\n\t\t\t\t\t<\/div>\n\t\t<\/div>\n\t\t\t\t\t\t\t<\/div>\n\t\t<\/section>\n\t\t\t\t\t<\/div>\n\t\t<\/div>\n\t\t\t\t\t\t\t<\/div>\n\t\t<\/section>\n\t\t\t\t<section class=\"elementor-section elementor-top-section elementor-element elementor-element-0b17566 elementor-section-boxed elementor-section-height-default elementor-section-height-default\" data-id=\"0b17566\" data-element_type=\"section\">\n\t\t\t\t\t\t<div class=\"elementor-container elementor-column-gap-default\">\n\t\t\t\t\t<div class=\"elementor-column elementor-col-100 elementor-top-column elementor-element elementor-element-df5c9bd\" data-id=\"df5c9bd\" data-element_type=\"column\">\n\t\t\t<div class=\"elementor-widget-wrap elementor-element-populated\">\n\t\t\t\t\t\t\t\t<section class=\"elementor-section elementor-inner-section elementor-element elementor-element-e623806 elementor-section-boxed elementor-section-height-default elementor-section-height-default\" data-id=\"e623806\" data-element_type=\"section\">\n\t\t\t\t\t\t<div class=\"elementor-container elementor-column-gap-wide\">\n\t\t\t\t\t<div class=\"elementor-column elementor-col-50 elementor-inner-column elementor-element elementor-element-67afc6b\" data-id=\"67afc6b\" data-element_type=\"column\">\n\t\t\t<div class=\"elementor-widget-wrap elementor-element-populated\">\n\t\t\t\t\t\t\t\t<div class=\"elementor-element elementor-element-1ef2593 elementor-widget elementor-widget-image\" data-id=\"1ef2593\" data-element_type=\"widget\" data-widget_type=\"image.default\">\n\t\t\t\t<div class=\"elementor-widget-container\">\n\t\t\t\t\t\t\t\t\t\t\t\t\t\t\t<img width=\"200\" height=\"200\" src=\"https:\/\/www.internationalfinanceconference.com\/ifc2024\/wp-content\/uploads\/13\/2024\/09\/Daniel-Gamba.png\" class=\"attachment-large size-large\" alt=\"\" srcset=\"https:\/\/www.internationalfinanceconference.com\/ifc2024\/wp-content\/uploads\/13\/2024\/09\/Daniel-Gamba-100x100.png 100w, https:\/\/www.internationalfinanceconference.com\/ifc2024\/wp-content\/uploads\/13\/2024\/09\/Daniel-Gamba-150x150.png 150w, https:\/\/www.internationalfinanceconference.com\/ifc2024\/wp-content\/uploads\/13\/2024\/09\/Daniel-Gamba.png 200w\" sizes=\"100vw\" \/>\t\t\t\t\t\t\t\t\t\t\t\t\t\t\t<\/div>\n\t\t\t\t<\/div>\n\t\t\t\t\t<\/div>\n\t\t<\/div>\n\t\t\t\t<div class=\"elementor-column elementor-col-50 elementor-inner-column elementor-element elementor-element-616f3c3\" data-id=\"616f3c3\" data-element_type=\"column\">\n\t\t\t<div class=\"elementor-widget-wrap elementor-element-populated\">\n\t\t\t\t\t\t\t\t<div class=\"elementor-element elementor-element-cc508b6 elementor-widget elementor-widget-heading\" data-id=\"cc508b6\" data-element_type=\"widget\" data-widget_type=\"heading.default\">\n\t\t\t\t<div class=\"elementor-widget-container\">\n\t\t\t<h2 class=\"elementor-heading-title elementor-size-default\">Daniel Gamba <\/h2>\t\t<\/div>\n\t\t\t\t<\/div>\n\t\t\t\t<div class=\"elementor-element elementor-element-d753c0f elementor-widget elementor-widget-heading\" data-id=\"d753c0f\" data-element_type=\"widget\" data-widget_type=\"heading.default\">\n\t\t\t\t<div class=\"elementor-widget-container\">\n\t\t\t<h2 class=\"elementor-heading-title elementor-size-default\">Per\u00fa<\/h2>\t\t<\/div>\n\t\t\t\t<\/div>\n\t\t\t\t<div class=\"elementor-element elementor-element-7ef987a elementor-widget elementor-widget-heading\" data-id=\"7ef987a\" data-element_type=\"widget\" data-widget_type=\"heading.default\">\n\t\t\t\t<div class=\"elementor-widget-container\">\n\t\t\t<h2 class=\"elementor-heading-title elementor-size-default\">Presidente, Northern Trust Asset Management<\/h2>\t\t<\/div>\n\t\t\t\t<\/div>\n\t\t\t\t<div class=\"elementor-element elementor-element-65384c1 elementor-widget elementor-widget-text-editor\" data-id=\"65384c1\" data-element_type=\"widget\" data-widget_type=\"text-editor.default\">\n\t\t\t\t<div class=\"elementor-widget-container\">\n\t\t\t\t\t\t\t<p>Daniel Gamba es Ingeniero Industrial de la Pontificia Universidad Cat\u00f3lica del Per\u00fa (PUCP) y tiene un MBA en Finanzas y Econom\u00eda por la Kellogg School of Management de la Universidad Northwestern. Con m\u00e1s de 25 a\u00f1os de experiencia en gesti\u00f3n de inversiones, actualmente es Presidente de Northern Trust Asset Management, supervisando m\u00e1s de $1 bill\u00f3n en activos. Anteriormente, ocup\u00f3 varios cargos de liderazgo en BlackRock. Es miembro del consejo asesor de Kellogg School, fue presidente del directorio del CFA\u00ae y defensor de la diversidad e inclusi\u00f3n en el \u00e1mbito laboral.<\/p>\t\t\t\t\t\t<\/div>\n\t\t\t\t<\/div>\n\t\t\t\t\t<\/div>\n\t\t<\/div>\n\t\t\t\t\t\t\t<\/div>\n\t\t<\/section>\n\t\t\t\t\t<\/div>\n\t\t<\/div>\n\t\t\t\t\t\t\t<\/div>\n\t\t<\/section>\n\t\t\t\t<section class=\"elementor-section elementor-top-section elementor-element elementor-element-79bf81e elementor-section-boxed elementor-section-height-default elementor-section-height-default\" data-id=\"79bf81e\" data-element_type=\"section\" data-settings=\"{&quot;background_background&quot;:&quot;classic&quot;}\">\n\t\t\t\t\t\t<div class=\"elementor-container elementor-column-gap-default\">\n\t\t\t\t\t<div class=\"elementor-column elementor-col-100 elementor-top-column elementor-element elementor-element-7eb9036\" data-id=\"7eb9036\" data-element_type=\"column\">\n\t\t\t<div class=\"elementor-widget-wrap elementor-element-populated\">\n\t\t\t\t\t\t\t\t<div class=\"elementor-element elementor-element-6e288bb elementor-widget elementor-widget-heading\" data-id=\"6e288bb\" data-element_type=\"widget\" data-widget_type=\"heading.default\">\n\t\t\t\t<div class=\"elementor-widget-container\">\n\t\t\t<h2 class=\"elementor-heading-title elementor-size-default\">Panelistas<\/h2>\t\t<\/div>\n\t\t\t\t<\/div>\n\t\t\t\t<section class=\"elementor-section elementor-inner-section elementor-element elementor-element-c29f367 elementor-section-boxed elementor-section-height-default elementor-section-height-default\" data-id=\"c29f367\" data-element_type=\"section\">\n\t\t\t\t\t\t<div class=\"elementor-container elementor-column-gap-extended\">\n\t\t\t\t\t<div class=\"elementor-column elementor-col-33 elementor-inner-column elementor-element elementor-element-ddc0e26\" data-id=\"ddc0e26\" data-element_type=\"column\">\n\t\t\t<div class=\"elementor-widget-wrap elementor-element-populated\">\n\t\t\t\t\t\t\t\t<div class=\"elementor-element elementor-element-b416bed elementor-widget elementor-widget-image\" data-id=\"b416bed\" data-element_type=\"widget\" data-widget_type=\"image.default\">\n\t\t\t\t<div class=\"elementor-widget-container\">\n\t\t\t\t\t\t\t\t\t\t\t\t\t\t\t<img width=\"200\" height=\"200\" src=\"https:\/\/www.internationalfinanceconference.com\/ifc2024\/wp-content\/uploads\/13\/2024\/08\/vivian.png\" class=\"attachment-large size-large\" alt=\"\" srcset=\"https:\/\/www.internationalfinanceconference.com\/ifc2024\/wp-content\/uploads\/13\/2024\/08\/vivian-100x100.png 100w, https:\/\/www.internationalfinanceconference.com\/ifc2024\/wp-content\/uploads\/13\/2024\/08\/vivian-150x150.png 150w, https:\/\/www.internationalfinanceconference.com\/ifc2024\/wp-content\/uploads\/13\/2024\/08\/vivian.png 200w\" sizes=\"100vw\" \/>\t\t\t\t\t\t\t\t\t\t\t\t\t\t\t<\/div>\n\t\t\t\t<\/div>\n\t\t\t\t<div class=\"elementor-element elementor-element-31e818c elementor-widget elementor-widget-heading\" data-id=\"31e818c\" data-element_type=\"widget\" data-widget_type=\"heading.default\">\n\t\t\t\t<div class=\"elementor-widget-container\">\n\t\t\t<h2 class=\"elementor-heading-title elementor-size-default\">Vivian Cruz Casta\u00f1eda<\/h2>\t\t<\/div>\n\t\t\t\t<\/div>\n\t\t\t\t<div class=\"elementor-element elementor-element-7e35793 elementor-widget elementor-widget-heading\" data-id=\"7e35793\" data-element_type=\"widget\" data-widget_type=\"heading.default\">\n\t\t\t\t<div class=\"elementor-widget-container\">\n\t\t\t<h2 class=\"elementor-heading-title elementor-size-default\">Colombia<br>\nUniversidad EAFIT\n<\/h2>\t\t<\/div>\n\t\t\t\t<\/div>\n\t\t\t\t<div class=\"elementor-element elementor-element-46f722f elementor-widget elementor-widget-text-editor\" data-id=\"46f722f\" data-element_type=\"widget\" data-widget_type=\"text-editor.default\">\n\t\t\t\t<div class=\"elementor-widget-container\">\n\t\t\t\t\t\t\t<p>Mag\u00edster en Finanzas y Doctor en Econom\u00eda. Actualmente se dedica a la docencia en la Facultad de Finanzas y Econom\u00eda de la Universidad EAFIT en Medell\u00edn, Colombia. Con una destacada trayectoria acad\u00e9mica y profesional, ha ocupado roles como Asistente de Investigaci\u00f3n de Doctorado, Profesor a Tiempo Completo en la Universidad EIA, Asesor Financiero en MetLife y Profesor de Econom\u00eda en la Universidad CES. Su experiencia abarca la valoraci\u00f3n de activos, gesti\u00f3n de riesgos y la integraci\u00f3n de pr\u00e1cticas financieras internacionales.<\/p>\t\t\t\t\t\t<\/div>\n\t\t\t\t<\/div>\n\t\t\t\t\t<\/div>\n\t\t<\/div>\n\t\t\t\t<div class=\"elementor-column elementor-col-33 elementor-inner-column elementor-element elementor-element-60c88cf\" data-id=\"60c88cf\" data-element_type=\"column\">\n\t\t\t<div class=\"elementor-widget-wrap elementor-element-populated\">\n\t\t\t\t\t\t\t\t<div class=\"elementor-element elementor-element-9f7ac82 elementor-widget elementor-widget-image\" data-id=\"9f7ac82\" data-element_type=\"widget\" data-widget_type=\"image.default\">\n\t\t\t\t<div class=\"elementor-widget-container\">\n\t\t\t\t\t\t\t\t\t\t\t\t\t\t\t<img width=\"200\" height=\"200\" src=\"https:\/\/www.internationalfinanceconference.com\/ifc2024\/wp-content\/uploads\/13\/2024\/08\/pilar.png\" class=\"attachment-large size-large\" alt=\"\" srcset=\"https:\/\/www.internationalfinanceconference.com\/ifc2024\/wp-content\/uploads\/13\/2024\/08\/pilar-100x100.png 100w, https:\/\/www.internationalfinanceconference.com\/ifc2024\/wp-content\/uploads\/13\/2024\/08\/pilar-150x150.png 150w, https:\/\/www.internationalfinanceconference.com\/ifc2024\/wp-content\/uploads\/13\/2024\/08\/pilar.png 200w\" sizes=\"100vw\" \/>\t\t\t\t\t\t\t\t\t\t\t\t\t\t\t<\/div>\n\t\t\t\t<\/div>\n\t\t\t\t<div class=\"elementor-element elementor-element-0d13d7d elementor-widget elementor-widget-heading\" data-id=\"0d13d7d\" data-element_type=\"widget\" data-widget_type=\"heading.default\">\n\t\t\t\t<div class=\"elementor-widget-container\">\n\t\t\t<h2 class=\"elementor-heading-title elementor-size-default\">Pilar Beatriz \u00c1lvarez Franco\n<\/h2>\t\t<\/div>\n\t\t\t\t<\/div>\n\t\t\t\t<div class=\"elementor-element elementor-element-c45874e elementor-widget elementor-widget-heading\" data-id=\"c45874e\" data-element_type=\"widget\" data-widget_type=\"heading.default\">\n\t\t\t\t<div class=\"elementor-widget-container\">\n\t\t\t<h2 class=\"elementor-heading-title elementor-size-default\">Colombia<br>\nUniversidad EAFIT\n\n<\/h2>\t\t<\/div>\n\t\t\t\t<\/div>\n\t\t\t\t<div class=\"elementor-element elementor-element-703b263 elementor-widget elementor-widget-text-editor\" data-id=\"703b263\" data-element_type=\"widget\" data-widget_type=\"text-editor.default\">\n\t\t\t\t<div class=\"elementor-widget-container\">\n\t\t\t\t\t\t\t<p>Ingeniera Financiera, Mag\u00edster en Econom\u00eda y Finanzas y Doctora en Administraci\u00f3n Estrat\u00e9gica de Empresas. Sus temas de inter\u00e9s en investigaci\u00f3n son Econometr\u00eda Financiera, Educaci\u00f3n Financiera, Inclusi\u00f3n Financiera y Finanzas Personales, con experiencia en el dise\u00f1o de instrumentos de medici\u00f3n de capacidades financieras. Ha trabajado como consultora\u00a0 en temas evaluaci\u00f3n de impacto en microcr\u00e9ditos, dise\u00f1o de indicadores de bienestar financiero para usuarios del sistema financiero y programas de entrenamiento a asesores financieros para mejorar el bienestar financiero de los clientes.<\/p>\t\t\t\t\t\t<\/div>\n\t\t\t\t<\/div>\n\t\t\t\t\t<\/div>\n\t\t<\/div>\n\t\t\t\t<div class=\"elementor-column elementor-col-33 elementor-inner-column elementor-element elementor-element-6c9066a\" data-id=\"6c9066a\" data-element_type=\"column\">\n\t\t\t<div class=\"elementor-widget-wrap elementor-element-populated\">\n\t\t\t\t\t\t\t\t<div class=\"elementor-element elementor-element-f4265f2 elementor-widget elementor-widget-image\" data-id=\"f4265f2\" data-element_type=\"widget\" data-widget_type=\"image.default\">\n\t\t\t\t<div class=\"elementor-widget-container\">\n\t\t\t\t\t\t\t\t\t\t\t\t\t\t\t<img width=\"200\" height=\"200\" src=\"https:\/\/www.internationalfinanceconference.com\/ifc2024\/wp-content\/uploads\/13\/2024\/08\/cecilia.png\" class=\"attachment-large size-large\" alt=\"\" srcset=\"https:\/\/www.internationalfinanceconference.com\/ifc2024\/wp-content\/uploads\/13\/2024\/08\/cecilia-100x100.png 100w, https:\/\/www.internationalfinanceconference.com\/ifc2024\/wp-content\/uploads\/13\/2024\/08\/cecilia-150x150.png 150w, https:\/\/www.internationalfinanceconference.com\/ifc2024\/wp-content\/uploads\/13\/2024\/08\/cecilia.png 200w\" sizes=\"100vw\" \/>\t\t\t\t\t\t\t\t\t\t\t\t\t\t\t<\/div>\n\t\t\t\t<\/div>\n\t\t\t\t<div class=\"elementor-element elementor-element-3157549 elementor-widget elementor-widget-heading\" data-id=\"3157549\" data-element_type=\"widget\" data-widget_type=\"heading.default\">\n\t\t\t\t<div class=\"elementor-widget-container\">\n\t\t\t<h2 class=\"elementor-heading-title elementor-size-default\">Cecilia Arias Le\u00f3n<\/h2>\t\t<\/div>\n\t\t\t\t<\/div>\n\t\t\t\t<div class=\"elementor-element elementor-element-50969b6 elementor-widget elementor-widget-heading\" data-id=\"50969b6\" data-element_type=\"widget\" data-widget_type=\"heading.default\">\n\t\t\t\t<div class=\"elementor-widget-container\">\n\t\t\t<h2 class=\"elementor-heading-title elementor-size-default\">Per\u00fa<br>\nBanco de la Naci\u00f3n del Per\u00fa\n\n<\/h2>\t\t<\/div>\n\t\t\t\t<\/div>\n\t\t\t\t<div class=\"elementor-element elementor-element-08f5556 elementor-widget elementor-widget-text-editor\" data-id=\"08f5556\" data-element_type=\"widget\" data-widget_type=\"text-editor.default\">\n\t\t\t\t<div class=\"elementor-widget-container\">\n\t\t\t\t\t\t\t<p>Gerente de Negocio y Estrategia con m\u00e1s de 20 a\u00f1os de experiencia en el sistema financiero, destac\u00e1ndose en la construcci\u00f3n de ofertas de valor de productos y servicios financieros. Actualmente, es Gerente de Productos e Inclusi\u00f3n Financiera en el Banco de la Naci\u00f3n de Per\u00fa, y anteriormente fue Asesora a la Presidencia en la misma instituci\u00f3n. Ha liderado equipos comerciales y operativos en diversas entidades financieras, incluyendo Banco Pichincha Per\u00fa y BanBif, y ha sido Consultor independiente. Su trayectoria incluye roles clave en la gesti\u00f3n de productos hipotecarios, microfinanzas y proyectos inmobiliarios.<\/p>\t\t\t\t\t\t<\/div>\n\t\t\t\t<\/div>\n\t\t\t\t\t<\/div>\n\t\t<\/div>\n\t\t\t\t\t\t\t<\/div>\n\t\t<\/section>\n\t\t\t\t<section class=\"elementor-section elementor-inner-section elementor-element elementor-element-7ad0162 elementor-section-boxed elementor-section-height-default elementor-section-height-default\" data-id=\"7ad0162\" data-element_type=\"section\">\n\t\t\t\t\t\t<div class=\"elementor-container elementor-column-gap-extended\">\n\t\t\t\t\t<div class=\"elementor-column elementor-col-33 elementor-inner-column elementor-element elementor-element-ae9e421\" data-id=\"ae9e421\" data-element_type=\"column\">\n\t\t\t<div class=\"elementor-widget-wrap elementor-element-populated\">\n\t\t\t\t\t\t\t\t<div class=\"elementor-element elementor-element-0abbdc5 elementor-widget elementor-widget-image\" data-id=\"0abbdc5\" data-element_type=\"widget\" data-widget_type=\"image.default\">\n\t\t\t\t<div class=\"elementor-widget-container\">\n\t\t\t\t\t\t\t\t\t\t\t\t\t\t\t<img width=\"200\" height=\"200\" src=\"https:\/\/www.internationalfinanceconference.com\/ifc2024\/wp-content\/uploads\/13\/2024\/08\/javier.png\" class=\"attachment-large size-large\" alt=\"\" srcset=\"https:\/\/www.internationalfinanceconference.com\/ifc2024\/wp-content\/uploads\/13\/2024\/08\/javier-100x100.png 100w, https:\/\/www.internationalfinanceconference.com\/ifc2024\/wp-content\/uploads\/13\/2024\/08\/javier-150x150.png 150w, https:\/\/www.internationalfinanceconference.com\/ifc2024\/wp-content\/uploads\/13\/2024\/08\/javier.png 200w\" sizes=\"100vw\" \/>\t\t\t\t\t\t\t\t\t\t\t\t\t\t\t<\/div>\n\t\t\t\t<\/div>\n\t\t\t\t<div class=\"elementor-element elementor-element-2dc0fd8 elementor-widget elementor-widget-heading\" data-id=\"2dc0fd8\" data-element_type=\"widget\" data-widget_type=\"heading.default\">\n\t\t\t\t<div class=\"elementor-widget-container\">\n\t\t\t<h2 class=\"elementor-heading-title elementor-size-default\">Javier Ichazo Bardales\n<\/h2>\t\t<\/div>\n\t\t\t\t<\/div>\n\t\t\t\t<div class=\"elementor-element elementor-element-47e650c elementor-widget elementor-widget-heading\" data-id=\"47e650c\" data-element_type=\"widget\" data-widget_type=\"heading.default\">\n\t\t\t\t<div class=\"elementor-widget-container\">\n\t\t\t<h2 class=\"elementor-heading-title elementor-size-default\">Per\u00fa<br>\nCEO Mibanco\n<\/h2>\t\t<\/div>\n\t\t\t\t<\/div>\n\t\t\t\t<div class=\"elementor-element elementor-element-8fc15fc elementor-widget elementor-widget-text-editor\" data-id=\"8fc15fc\" data-element_type=\"widget\" data-widget_type=\"text-editor.default\">\n\t\t\t\t<div class=\"elementor-widget-container\">\n\t\t\t\t\t\t\t<p>Mag\u00edster en Direcci\u00f3n de Empresas por el PAD de UDEP. Se desempe\u00f1a como Gerente General de Mibanco desde octubre de 2017, despu\u00e9s de haber sido Gerente General Adjunto. Previamente, tuvo una extensa carrera en el Banco de Cr\u00e9dito BCP, donde ocup\u00f3 diversos cargos de alta responsabilidad, incluyendo Gerente del \u00c1rea de Negocios Banca Minorista, encargado de los segmentos de peque\u00f1a y mediana empresa, y Gerente Regional en diferentes zonas del Per\u00fa. Su trayectoria ha estado marcada por la gesti\u00f3n de equipos comerciales y el liderazgo estrat\u00e9gico en la banca de negocios y minorista.<\/p>\t\t\t\t\t\t<\/div>\n\t\t\t\t<\/div>\n\t\t\t\t\t<\/div>\n\t\t<\/div>\n\t\t\t\t<div class=\"elementor-column elementor-col-33 elementor-inner-column elementor-element elementor-element-eb97e1a\" data-id=\"eb97e1a\" data-element_type=\"column\">\n\t\t\t<div class=\"elementor-widget-wrap elementor-element-populated\">\n\t\t\t\t\t\t\t\t<div class=\"elementor-element elementor-element-7d1cfa4 elementor-widget elementor-widget-image\" data-id=\"7d1cfa4\" data-element_type=\"widget\" data-widget_type=\"image.default\">\n\t\t\t\t<div class=\"elementor-widget-container\">\n\t\t\t\t\t\t\t\t\t\t\t\t\t\t\t<img width=\"200\" height=\"200\" src=\"https:\/\/www.internationalfinanceconference.com\/ifc2024\/wp-content\/uploads\/13\/2024\/08\/juan.png\" class=\"attachment-large size-large\" alt=\"\" srcset=\"https:\/\/www.internationalfinanceconference.com\/ifc2024\/wp-content\/uploads\/13\/2024\/08\/juan-100x100.png 100w, https:\/\/www.internationalfinanceconference.com\/ifc2024\/wp-content\/uploads\/13\/2024\/08\/juan-150x150.png 150w, https:\/\/www.internationalfinanceconference.com\/ifc2024\/wp-content\/uploads\/13\/2024\/08\/juan.png 200w\" sizes=\"100vw\" \/>\t\t\t\t\t\t\t\t\t\t\t\t\t\t\t<\/div>\n\t\t\t\t<\/div>\n\t\t\t\t<div class=\"elementor-element elementor-element-772d41c elementor-widget elementor-widget-heading\" data-id=\"772d41c\" data-element_type=\"widget\" data-widget_type=\"heading.default\">\n\t\t\t\t<div class=\"elementor-widget-container\">\n\t\t\t<h2 class=\"elementor-heading-title elementor-size-default\">Juan Carlos Chong<\/h2>\t\t<\/div>\n\t\t\t\t<\/div>\n\t\t\t\t<div class=\"elementor-element elementor-element-7cda14e elementor-widget elementor-widget-heading\" data-id=\"7cda14e\" data-element_type=\"widget\" data-widget_type=\"heading.default\">\n\t\t\t\t<div class=\"elementor-widget-container\">\n\t\t\t<h2 class=\"elementor-heading-title elementor-size-default\">Per\u00fa<br>\nSuperintendencia de Banca, Seguros y AFP (SBS) \n\n\n<\/h2>\t\t<\/div>\n\t\t\t\t<\/div>\n\t\t\t\t<div class=\"elementor-element elementor-element-e9141bc elementor-widget elementor-widget-text-editor\" data-id=\"e9141bc\" data-element_type=\"widget\" data-widget_type=\"text-editor.default\">\n\t\t\t\t<div class=\"elementor-widget-container\">\n\t\t\t\t\t\t\t<p>Jefe del Departamento de Educaci\u00f3n e Inclusi\u00f3n Financiera de la Superintendencia de Banca, Seguros y AFPs del Per\u00fa (SBS), liderando las diferentes iniciativas y programas de la educaci\u00f3n financiera de la SBS, coordinando a nivel inter-institucional las diferentes iniciativas para fortalecer la inclusi\u00f3n financiera en el pa\u00eds. Actualmente, participa en la Comisi\u00f3n Multisectorial de Inclusi\u00f3n Financiera (CMIF), en la Iniciativa para la Inclusi\u00f3n Financiera en Am\u00e9rica Latina y el Caribe (FILAC) de la Alianza para la Inclusi\u00f3n Financiera (AFI) y en el Comit\u00e9 T\u00e9cnico del International Network for Financial Educaci\u00f3n (OCDE-INFE).<\/p>\t\t\t\t\t\t<\/div>\n\t\t\t\t<\/div>\n\t\t\t\t\t<\/div>\n\t\t<\/div>\n\t\t\t\t<div class=\"elementor-column elementor-col-33 elementor-inner-column elementor-element elementor-element-3bc5e3b\" data-id=\"3bc5e3b\" data-element_type=\"column\">\n\t\t\t<div class=\"elementor-widget-wrap elementor-element-populated\">\n\t\t\t\t\t\t\t\t<div class=\"elementor-element elementor-element-1d2e4e1 elementor-widget elementor-widget-image\" data-id=\"1d2e4e1\" data-element_type=\"widget\" data-widget_type=\"image.default\">\n\t\t\t\t<div class=\"elementor-widget-container\">\n\t\t\t\t\t\t\t\t\t\t\t\t\t\t\t<img width=\"200\" height=\"200\" src=\"https:\/\/www.internationalfinanceconference.com\/ifc2024\/wp-content\/uploads\/13\/2024\/08\/Adolfo-Rubatto2.jpg\" class=\"attachment-large size-large\" alt=\"\" srcset=\"https:\/\/www.internationalfinanceconference.com\/ifc2024\/wp-content\/uploads\/13\/2024\/08\/Adolfo-Rubatto2-100x100.jpg 100w, https:\/\/www.internationalfinanceconference.com\/ifc2024\/wp-content\/uploads\/13\/2024\/08\/Adolfo-Rubatto2-150x150.jpg 150w, https:\/\/www.internationalfinanceconference.com\/ifc2024\/wp-content\/uploads\/13\/2024\/08\/Adolfo-Rubatto2.jpg 200w\" sizes=\"100vw\" \/>\t\t\t\t\t\t\t\t\t\t\t\t\t\t\t<\/div>\n\t\t\t\t<\/div>\n\t\t\t\t<div class=\"elementor-element elementor-element-93de339 elementor-widget elementor-widget-heading\" data-id=\"93de339\" data-element_type=\"widget\" data-widget_type=\"heading.default\">\n\t\t\t\t<div class=\"elementor-widget-container\">\n\t\t\t<h2 class=\"elementor-heading-title elementor-size-default\">Adolfo Rubatto Novak<\/h2>\t\t<\/div>\n\t\t\t\t<\/div>\n\t\t\t\t<div class=\"elementor-element elementor-element-f519832 elementor-widget elementor-widget-heading\" data-id=\"f519832\" data-element_type=\"widget\" data-widget_type=\"heading.default\">\n\t\t\t\t<div class=\"elementor-widget-container\">\n\t\t\t<h2 class=\"elementor-heading-title elementor-size-default\">Per\u00fa<br>\nIBM\n\n\n<\/h2>\t\t<\/div>\n\t\t\t\t<\/div>\n\t\t\t\t<div class=\"elementor-element elementor-element-8d750c0 elementor-widget elementor-widget-text-editor\" data-id=\"8d750c0\" data-element_type=\"widget\" data-widget_type=\"text-editor.default\">\n\t\t\t\t<div class=\"elementor-widget-container\">\n\t\t\t\t\t\t\t<p><span style=\"font-weight: 400;\">Gerente T\u00e9cnico de Software IBM para Per\u00fa, Ecuador y Bolivia. Ingeniero de Sistemas titulado de la Universidad de Lima, con m\u00e1s de 18 a\u00f1os de experiencia profesional en tecnolog\u00eda, atendiendo diferentes industrias y clientes, ejecutando roles de preventa, venta y liderazgo para distintos pa\u00edses de Latinoam\u00e9rica.<\/span><\/p>\t\t\t\t\t\t<\/div>\n\t\t\t\t<\/div>\n\t\t\t\t\t<\/div>\n\t\t<\/div>\n\t\t\t\t\t\t\t<\/div>\n\t\t<\/section>\n\t\t\t\t<section class=\"elementor-section elementor-inner-section elementor-element elementor-element-8be14db elementor-section-boxed elementor-section-height-default elementor-section-height-default\" data-id=\"8be14db\" data-element_type=\"section\">\n\t\t\t\t\t\t<div class=\"elementor-container elementor-column-gap-extended\">\n\t\t\t\t\t<div class=\"elementor-column elementor-col-33 elementor-inner-column elementor-element elementor-element-8952bae\" data-id=\"8952bae\" data-element_type=\"column\">\n\t\t\t<div class=\"elementor-widget-wrap elementor-element-populated\">\n\t\t\t\t\t\t\t\t<div class=\"elementor-element elementor-element-b81152c elementor-widget elementor-widget-image\" data-id=\"b81152c\" data-element_type=\"widget\" data-widget_type=\"image.default\">\n\t\t\t\t<div class=\"elementor-widget-container\">\n\t\t\t\t\t\t\t\t\t\t\t\t\t\t\t<img width=\"200\" height=\"200\" src=\"https:\/\/www.internationalfinanceconference.com\/ifc2024\/wp-content\/uploads\/13\/2024\/09\/moran.png\" class=\"attachment-full size-full\" alt=\"\" srcset=\"https:\/\/www.internationalfinanceconference.com\/ifc2024\/wp-content\/uploads\/13\/2024\/09\/moran-100x100.png 100w, https:\/\/www.internationalfinanceconference.com\/ifc2024\/wp-content\/uploads\/13\/2024\/09\/moran-150x150.png 150w, https:\/\/www.internationalfinanceconference.com\/ifc2024\/wp-content\/uploads\/13\/2024\/09\/moran.png 200w\" sizes=\"100vw\" \/>\t\t\t\t\t\t\t\t\t\t\t\t\t\t\t<\/div>\n\t\t\t\t<\/div>\n\t\t\t\t<div class=\"elementor-element elementor-element-281c56d elementor-widget elementor-widget-heading\" data-id=\"281c56d\" data-element_type=\"widget\" data-widget_type=\"heading.default\">\n\t\t\t\t<div class=\"elementor-widget-container\">\n\t\t\t<h2 class=\"elementor-heading-title elementor-size-default\">Adolfo Mor\u00e1n<\/h2>\t\t<\/div>\n\t\t\t\t<\/div>\n\t\t\t\t<div class=\"elementor-element elementor-element-8e23123 elementor-widget elementor-widget-heading\" data-id=\"8e23123\" data-element_type=\"widget\" data-widget_type=\"heading.default\">\n\t\t\t\t<div class=\"elementor-widget-container\">\n\t\t\t<h2 class=\"elementor-heading-title elementor-size-default\">Per\u00fa<br>\nAsociaci\u00f3n Blockchain \n\n\n<\/h2>\t\t<\/div>\n\t\t\t\t<\/div>\n\t\t\t\t<div class=\"elementor-element elementor-element-ca4548d elementor-widget elementor-widget-text-editor\" data-id=\"ca4548d\" data-element_type=\"widget\" data-widget_type=\"text-editor.default\">\n\t\t\t\t<div class=\"elementor-widget-container\">\n\t\t\t\t\t\t\t<p>Abogado por la Pontificia Universidad Cat\u00f3lica del Per\u00fa (PUCP). Investigador acreditado por el Grupo de Investigaci\u00f3n en Innovaci\u00f3n y Transversalidad del Derecho Privado de la PUCP. Co-fundador y directivo de Ethereum Lima. Miembro del Comit\u00e9 de Asuntos Regulatorios de la Asociaci\u00f3n Blockchain del Per\u00fa. Cuenta con una extensa trayectoria profesional como consultor legal, asesorando a empresas del sector financiero y FinTech en compliance y regulaci\u00f3n financiera.<\/p>\t\t\t\t\t\t<\/div>\n\t\t\t\t<\/div>\n\t\t\t\t\t<\/div>\n\t\t<\/div>\n\t\t\t\t<div class=\"elementor-column elementor-col-33 elementor-inner-column elementor-element elementor-element-e3839a1\" data-id=\"e3839a1\" data-element_type=\"column\">\n\t\t\t<div class=\"elementor-widget-wrap elementor-element-populated\">\n\t\t\t\t\t\t\t\t<div class=\"elementor-element elementor-element-c9dff58 elementor-widget elementor-widget-image\" data-id=\"c9dff58\" data-element_type=\"widget\" data-widget_type=\"image.default\">\n\t\t\t\t<div class=\"elementor-widget-container\">\n\t\t\t\t\t\t\t\t\t\t\t\t\t\t\t<img width=\"200\" height=\"200\" src=\"https:\/\/www.internationalfinanceconference.com\/ifc2024\/wp-content\/uploads\/13\/2024\/10\/harvey-salamanca.jpg\" class=\"attachment-full size-full\" alt=\"\" srcset=\"https:\/\/www.internationalfinanceconference.com\/ifc2024\/wp-content\/uploads\/13\/2024\/10\/harvey-salamanca-100x100.jpg 100w, https:\/\/www.internationalfinanceconference.com\/ifc2024\/wp-content\/uploads\/13\/2024\/10\/harvey-salamanca-150x150.jpg 150w, https:\/\/www.internationalfinanceconference.com\/ifc2024\/wp-content\/uploads\/13\/2024\/10\/harvey-salamanca.jpg 200w\" sizes=\"100vw\" \/>\t\t\t\t\t\t\t\t\t\t\t\t\t\t\t<\/div>\n\t\t\t\t<\/div>\n\t\t\t\t<div class=\"elementor-element elementor-element-9e68cd0 elementor-widget elementor-widget-heading\" data-id=\"9e68cd0\" data-element_type=\"widget\" data-widget_type=\"heading.default\">\n\t\t\t\t<div class=\"elementor-widget-container\">\n\t\t\t<h2 class=\"elementor-heading-title elementor-size-default\">Carlos Harvey<br>Salamanca Falla<\/h2>\t\t<\/div>\n\t\t\t\t<\/div>\n\t\t\t\t<div class=\"elementor-element elementor-element-5f95581 elementor-widget elementor-widget-heading\" data-id=\"5f95581\" data-element_type=\"widget\" data-widget_type=\"heading.default\">\n\t\t\t\t<div class=\"elementor-widget-container\">\n\t\t\t<h2 class=\"elementor-heading-title elementor-size-default\">Colombia<br>\nUniversidad Surcolombiana\n\n\n<\/h2>\t\t<\/div>\n\t\t\t\t<\/div>\n\t\t\t\t<div class=\"elementor-element elementor-element-b4121ee elementor-widget elementor-widget-text-editor\" data-id=\"b4121ee\" data-element_type=\"widget\" data-widget_type=\"text-editor.default\">\n\t\t\t\t<div class=\"elementor-widget-container\">\n\t\t\t\t\t\t\t<p>Profesor de planta a tiempo completo en la Universidad Surcolombiana, Colombia. Es investigador integrante del grupo CRE@, categorizado por el Ministerio de Ciencias de Colombia, y candidato a doctor en Administraci\u00f3n por la Universidad de La Salle.<br \/>Es gestor de la c\u00e1tedra de &#8220;Educaci\u00f3n Financiera&#8221; en la Facultad de Econom\u00eda y Administraci\u00f3n de la Universidad Surcolombiana, as\u00ed como de la Pol\u00edtica P\u00fablica de &#8220;Emprendimiento, Empresarismo e Innovaci\u00f3n&#8221; del Departamento del Huila. Sus l\u00edneas de investigaci\u00f3n se centran en la educaci\u00f3n financiera y las pol\u00edticas p\u00fablicas.<\/p>\t\t\t\t\t\t<\/div>\n\t\t\t\t<\/div>\n\t\t\t\t\t<\/div>\n\t\t<\/div>\n\t\t\t\t<div class=\"elementor-column elementor-col-33 elementor-inner-column elementor-element elementor-element-d5b682a\" data-id=\"d5b682a\" data-element_type=\"column\">\n\t\t\t<div class=\"elementor-widget-wrap\">\n\t\t\t\t\t\t\t\t\t<\/div>\n\t\t<\/div>\n\t\t\t\t\t\t\t<\/div>\n\t\t<\/section>\n\t\t\t\t\t<\/div>\n\t\t<\/div>\n\t\t\t\t\t\t\t<\/div>\n\t\t<\/section>\n\t\t\t\t\t\t\t<\/div>\n\t\t","protected":false},"excerpt":{"rendered":"<p>Speakers Main speakers Manuel Arias Colombia International Federation of Accountants \u2013 IFAC MBA por la Universidad de los Andes, Colombia. Licenciado en Econom\u00eda por la Universidad Nacional de Colombia. Director de la International Federation of Accountants (IFAC), en la que desempe\u00f1a un papel fundamental en la mejora de la participaci\u00f3n de los miembros, la formulaci\u00f3n &hellip; <\/p>\n<p class=\"link-more\"><a href=\"https:\/\/www.internationalfinanceconference.com\/ifc2024\/speakers\/\" class=\"more-link\">Segu\u00ed leyendo<span class=\"screen-reader-text\"> &#8220;Speakers&#8221;<\/span><\/a><\/p>\n","protected":false},"author":5,"featured_media":0,"parent":0,"menu_order":0,"comment_status":"closed","ping_status":"closed","template":"elementor_header_footer","meta":[],"_links":{"self":[{"href":"https:\/\/www.internationalfinanceconference.com\/ifc2024\/wp-json\/wp\/v2\/pages\/1216"}],"collection":[{"href":"https:\/\/www.internationalfinanceconference.com\/ifc2024\/wp-json\/wp\/v2\/pages"}],"about":[{"href":"https:\/\/www.internationalfinanceconference.com\/ifc2024\/wp-json\/wp\/v2\/types\/page"}],"author":[{"embeddable":true,"href":"https:\/\/www.internationalfinanceconference.com\/ifc2024\/wp-json\/wp\/v2\/users\/5"}],"replies":[{"embeddable":true,"href":"https:\/\/www.internationalfinanceconference.com\/ifc2024\/wp-json\/wp\/v2\/comments?post=1216"}],"version-history":[{"count":46,"href":"https:\/\/www.internationalfinanceconference.com\/ifc2024\/wp-json\/wp\/v2\/pages\/1216\/revisions"}],"predecessor-version":[{"id":1405,"href":"https:\/\/www.internationalfinanceconference.com\/ifc2024\/wp-json\/wp\/v2\/pages\/1216\/revisions\/1405"}],"wp:attachment":[{"href":"https:\/\/www.internationalfinanceconference.com\/ifc2024\/wp-json\/wp\/v2\/media?parent=1216"}],"curies":[{"name":"wp","href":"https:\/\/api.w.org\/{rel}","templated":true}]}}